{"id":6846,"date":"2023-08-02T12:23:51","date_gmt":"2023-08-02T10:23:51","guid":{"rendered":"https:\/\/www.moz.life\/moztickets\/?post_type=speaker&#038;p=6846"},"modified":"2023-08-02T12:26:19","modified_gmt":"2023-08-02T10:26:19","slug":"seth-suaze","status":"publish","type":"speaker","link":"https:\/\/moz.life\/moztickets\/speaker\/seth-suaze\/","title":{"rendered":"Seth Suaze"},"content":{"rendered":"\n<p>O m\u00fasico mo\u00e7ambicano Seth Suaze foi influenciado diretamente pela Igreja Congregacional, onde cresceu e pratica o culto. Ar\u00e3o Litsuri, Majeschoral, Hort\u00eancio Langa, Stewart Sukuma e Ant\u00f3nio Marcos s\u00e3o personalidades com quem teve oportunidade de aprender a tocar e partilhar palcos. Teve apoio, especialmente, de Ivone Mahumane.<\/p>\n\n\n\n<p><\/p>\n\n\n\n<p>Filim\u00e3o Seth Suazi nasceu a 16 de Abril de 1976, em Maputo. Oitavo de um grupo de nove irm\u00e3os (cinco mulheres e quatro homens, um deles falecido, o Ivo), Filim\u00e3o estudou na Escola Prim\u00e1ria Unidade 10 (Zixaxa). Posteriormente frequentou a Noroeste 1, Francisco Manyanga e licenciou-se em Direito pela Universidade Eduardo Mondlane.<\/p>\n\n\n\n<p>O m\u00fasico tamb\u00e9m \u00e9 docente na Universidade T\u00e9cnica de Mo\u00e7ambique e membro da Igreja Congregacional Unida de Mo\u00e7ambique.<\/p>\n\n\n\n<div class=\"wp-block-query is-layout-flow wp-block-query-is-layout-flow\"><ul class=\"is-flex-container columns-2 wp-block-post-template is-layout-flow wp-block-post-template-is-layout-flow\"><li class=\"wp-block-post post-33319 product type-product status-publish has-post-thumbnail product_cat-sponsorisado product_cat-tickets product_tag-evento-cultural product_tag-jimmy-dludlu product_tag-jimmy-dludlu-40-anos-de-carreira product_tag-musica-mocambicana dc_vendor_shop-top-producoes first instock shipping-taxable product-type-simple\">\n<div style=\"position:relative;\"><div data-block-name=\"woocommerce\/product-image\" data-is-descendent-of-query-loop=\"true\" data-sale-badge-align=\"left\" class=\"wc-block-components-product-image wc-block-grid__product-image wc-block-components-product-image--aspect-ratio-auto wp-block-woocommerce-product-image\"><a href=\"https:\/\/moz.life\/moztickets\/produit\/jimmy-dludlu-40-anos-de-carreira-vip\/\" style=\"\" data-wp-on--click=\"woocommerce\/product-collection::actions.viewProduct\"><img loading=\"lazy\" decoding=\"async\" width=\"450\" height=\"562\" src=\"https:\/\/moz.life\/moztickets\/wp-content\/uploads\/2026\/04\/ChatGPT-Image-25-avr.-2026-08_54_16-450x562.png\" class=\"attachment-woocommerce_single size-woocommerce_single\" alt=\"Jimmy Dludlu \u2014 40 Anos de Carreira - VIP\" data-testid=\"product-image\" data-image-id=\"33482\" style=\"object-fit:cover;\" loading=\"lazy\" srcset=\"https:\/\/moz.life\/moztickets\/wp-content\/uploads\/2026\/04\/ChatGPT-Image-25-avr.-2026-08_54_16-450x562.png 450w, https:\/\/moz.life\/moztickets\/wp-content\/uploads\/2026\/04\/ChatGPT-Image-25-avr.-2026-08_54_16-240x300.png 240w, https:\/\/moz.life\/moztickets\/wp-content\/uploads\/2026\/04\/ChatGPT-Image-25-avr.-2026-08_54_16-819x1024.png 819w, https:\/\/moz.life\/moztickets\/wp-content\/uploads\/2026\/04\/ChatGPT-Image-25-avr.-2026-08_54_16-768x960.png 768w, https:\/\/moz.life\/moztickets\/wp-content\/uploads\/2026\/04\/ChatGPT-Image-25-avr.-2026-08_54_16.png 1122w\" sizes=\"auto, (max-width: 450px) 100vw, 450px\" \/><div class=\"wc-block-components-product-image__inner-container\"><\/div><\/a><\/div><\/div>\n\n<div class=\"advanced-woo-labels awl-position-type-before-title awl-label-type-archive awl-align-right\" style=\"display:flex;flex-wrap:wrap;flex-direction:row;text-align:left;width:100%;position:relative;z-index:1;justify-content:flex-end;align-items:stretch;\"><div class=\"awl-label-wrap awl-text-label-wrap awl-label-id-6377\" style=\"\"><span class=\"awl-product-label awl-type-label awl-type-label-angle\" style=\"display:table;position:relative;line-height:1;white-space:nowrap;vertical-align:baseline;font-size:12px;--awl-font-size-tablet:12px;--awl-font-size-phone:12px;font-weight:700;font-style:normal;letter-spacing:0px;color:#ffff;opacity:1;margin:0px 0px 0px 0px;\"><span class=\"awl-label-text\"  style=\"display:table-cell;padding:0.3em 0.6em 0.3em 0.6em;z-index:1;background:#daa520;position:relative;line-height:1;border-radius:0;\"><span class=\"awl-inner-text\"> Disponivel!<\/span><\/span><span class=\"awl-label-after\" style=\"display:table-cell;width:0;height:0;position:relative;z-index:2;overflow:hidden;padding:0 0.65em 0 0;\"><svg viewBox=\"0 0 100 100\" preserveAspectRatio=\"none\" style=\"position:absolute;top:0;width:100%;height:100%;fill:#daa520;\"><g class=\"awl-angle-after\"><polygon vector-effect=\"non-scaling-stroke\" points=\"0,0 97,0 0,100\" style=\"stroke:none;\" \/><line class=\"d-stroke\" vector-effect=\"non-scaling-stroke\" x1=\"0\" y1=\"0\" x2=\"97\" y2=\"0\" \/><line vector-effect=\"non-scaling-stroke\" x1=\"97\" y1=\"0\" x2=\"0\" y2=\"100\" \/><\/g><\/svg><\/span><\/span><\/div><\/div><h3 style=\"margin-bottom:0.75rem;margin-top:0;\" class=\"has-text-align-center wp-block-post-title has-medium-font-size\"><a href=\"https:\/\/moz.life\/moztickets\/produit\/jimmy-dludlu-40-anos-de-carreira-vip\/\" target=\"_self\" >Jimmy Dludlu \u2014 40 Anos de Carreira &#8211; VIP<\/a><\/h3>\n\n<div data-block-name=\"woocommerce\/product-price\" data-is-descendent-of-query-loop=\"true\" data-style=\"{&quot;spacing&quot;:{&quot;margin&quot;:{&quot;bottom&quot;:&quot;0.75rem&quot;}}}\" data-text-align=\"center\" style=\"margin-bottom:0.75rem; margin-bottom:0.75rem;\" class=\"has-text-align-center wp-block-woocommerce-product-price\" ><div class=\"wc-block-components-product-price wc-block-grid__product-price\" >\n\t\t\t\t\t<span class=\"woocommerce-Price-amount amount\"><bdi>1,500.00<span class=\"woocommerce-Price-currencySymbol\">MT<\/span><\/bdi><\/span>\n\t\t\t\t<\/div><\/div>\n<\/li><li class=\"wp-block-post post-33316 product type-product status-publish has-post-thumbnail product_cat-sponsorisado product_cat-tickets product_tag-evento-cultural product_tag-jimmy-dludlu product_tag-jimmy-dludlu-40-anos-de-carreira product_tag-musica-mocambicana dc_vendor_shop-top-producoes  instock shipping-taxable product-type-simple\">\n<div style=\"position:relative;\"><div data-block-name=\"woocommerce\/product-image\" data-is-descendent-of-query-loop=\"true\" data-sale-badge-align=\"left\" class=\"wc-block-components-product-image wc-block-grid__product-image wc-block-components-product-image--aspect-ratio-auto wp-block-woocommerce-product-image\"><a href=\"https:\/\/moz.life\/moztickets\/produit\/jimmy-dludlu-40-anos-de-carreira-normal-standard\/\" style=\"\" data-wp-on--click=\"woocommerce\/product-collection::actions.viewProduct\"><img loading=\"lazy\" decoding=\"async\" width=\"450\" height=\"562\" src=\"https:\/\/moz.life\/moztickets\/wp-content\/uploads\/2026\/04\/ChatGPT-Image-25-avr.-2026-08_54_16-450x562.png\" class=\"attachment-woocommerce_single size-woocommerce_single\" alt=\"Jimmy Dludlu \u2014 40 Anos de Carreira - Normal\/Standard\" data-testid=\"product-image\" data-image-id=\"33482\" style=\"object-fit:cover;\" loading=\"lazy\" srcset=\"https:\/\/moz.life\/moztickets\/wp-content\/uploads\/2026\/04\/ChatGPT-Image-25-avr.-2026-08_54_16-450x562.png 450w, https:\/\/moz.life\/moztickets\/wp-content\/uploads\/2026\/04\/ChatGPT-Image-25-avr.-2026-08_54_16-240x300.png 240w, https:\/\/moz.life\/moztickets\/wp-content\/uploads\/2026\/04\/ChatGPT-Image-25-avr.-2026-08_54_16-819x1024.png 819w, https:\/\/moz.life\/moztickets\/wp-content\/uploads\/2026\/04\/ChatGPT-Image-25-avr.-2026-08_54_16-768x960.png 768w, https:\/\/moz.life\/moztickets\/wp-content\/uploads\/2026\/04\/ChatGPT-Image-25-avr.-2026-08_54_16.png 1122w\" sizes=\"auto, (max-width: 450px) 100vw, 450px\" \/><div class=\"wc-block-components-product-image__inner-container\"><\/div><\/a><\/div><\/div>\n\n<div class=\"advanced-woo-labels awl-position-type-before-title awl-label-type-archive awl-align-right\" style=\"display:flex;flex-wrap:wrap;flex-direction:row;text-align:left;width:100%;position:relative;z-index:1;justify-content:flex-end;align-items:stretch;\"><div class=\"awl-label-wrap awl-text-label-wrap awl-label-id-6377\" style=\"\"><span class=\"awl-product-label awl-type-label awl-type-label-angle\" style=\"display:table;position:relative;line-height:1;white-space:nowrap;vertical-align:baseline;font-size:12px;--awl-font-size-tablet:12px;--awl-font-size-phone:12px;font-weight:700;font-style:normal;letter-spacing:0px;color:#ffff;opacity:1;margin:0px 0px 0px 0px;\"><span class=\"awl-label-text\"  style=\"display:table-cell;padding:0.3em 0.6em 0.3em 0.6em;z-index:1;background:#daa520;position:relative;line-height:1;border-radius:0;\"><span class=\"awl-inner-text\"> Disponivel!<\/span><\/span><span class=\"awl-label-after\" style=\"display:table-cell;width:0;height:0;position:relative;z-index:2;overflow:hidden;padding:0 0.65em 0 0;\"><svg viewBox=\"0 0 100 100\" preserveAspectRatio=\"none\" style=\"position:absolute;top:0;width:100%;height:100%;fill:#daa520;\"><g class=\"awl-angle-after\"><polygon vector-effect=\"non-scaling-stroke\" points=\"0,0 97,0 0,100\" style=\"stroke:none;\" \/><line class=\"d-stroke\" vector-effect=\"non-scaling-stroke\" x1=\"0\" y1=\"0\" x2=\"97\" y2=\"0\" \/><line vector-effect=\"non-scaling-stroke\" x1=\"97\" y1=\"0\" x2=\"0\" y2=\"100\" \/><\/g><\/svg><\/span><\/span><\/div><\/div><h3 style=\"margin-bottom:0.75rem;margin-top:0;\" class=\"has-text-align-center wp-block-post-title has-medium-font-size\"><a href=\"https:\/\/moz.life\/moztickets\/produit\/jimmy-dludlu-40-anos-de-carreira-normal-standard\/\" target=\"_self\" >Jimmy Dludlu \u2014 40 Anos de Carreira &#8211; Normal\/Standard<\/a><\/h3>\n\n<div data-block-name=\"woocommerce\/product-price\" data-is-descendent-of-query-loop=\"true\" data-style=\"{&quot;spacing&quot;:{&quot;margin&quot;:{&quot;bottom&quot;:&quot;0.75rem&quot;}}}\" data-text-align=\"center\" style=\"margin-bottom:0.75rem; margin-bottom:0.75rem;\" class=\"has-text-align-center wp-block-woocommerce-product-price\" ><div class=\"wc-block-components-product-price wc-block-grid__product-price\" >\n\t\t\t\t\t<span class=\"woocommerce-Price-amount amount\"><bdi>750.00<span class=\"woocommerce-Price-currencySymbol\">MT<\/span><\/bdi><\/span>\n\t\t\t\t<\/div><\/div>\n<\/li><li class=\"wp-block-post post-32887 product type-product status-publish has-post-thumbnail product_cat-sponsorisado product_cat-tickets product_tag-concertos product_tag-the-black-mamba product_tag-tp50 last instock virtual product-type-simple\">\n<div style=\"position:relative;\"><div data-block-name=\"woocommerce\/product-image\" data-is-descendent-of-query-loop=\"true\" data-sale-badge-align=\"left\" class=\"wc-block-components-product-image wc-block-grid__product-image wc-block-components-product-image--aspect-ratio-auto wp-block-woocommerce-product-image\"><a href=\"https:\/\/moz.life\/moztickets\/produit\/tp50-apresenta-concerto-para-trompete\/\" style=\"\" data-wp-on--click=\"woocommerce\/product-collection::actions.viewProduct\"><img loading=\"lazy\" decoding=\"async\" width=\"450\" height=\"563\" src=\"https:\/\/moz.life\/moztickets\/wp-content\/uploads\/2026\/04\/11_TP50-apresenta-Concerto-para-Trompete_Produit-1-450x563.jpg\" class=\"attachment-woocommerce_single size-woocommerce_single\" alt=\"TP50 apresenta Concerto para Trompete\" data-testid=\"product-image\" data-image-id=\"32892\" style=\"object-fit:cover;\" loading=\"lazy\" srcset=\"https:\/\/moz.life\/moztickets\/wp-content\/uploads\/2026\/04\/11_TP50-apresenta-Concerto-para-Trompete_Produit-1-450x563.jpg 450w, https:\/\/moz.life\/moztickets\/wp-content\/uploads\/2026\/04\/11_TP50-apresenta-Concerto-para-Trompete_Produit-1-240x300.jpg 240w, https:\/\/moz.life\/moztickets\/wp-content\/uploads\/2026\/04\/11_TP50-apresenta-Concerto-para-Trompete_Produit-1.jpg 720w\" sizes=\"auto, (max-width: 450px) 100vw, 450px\" \/><div class=\"wc-block-components-product-image__inner-container\"><\/div><\/a><\/div><\/div>\n\n<div class=\"advanced-woo-labels awl-position-type-before-title awl-label-type-archive awl-align-right\" style=\"display:flex;flex-wrap:wrap;flex-direction:row;text-align:left;width:100%;position:relative;z-index:1;justify-content:flex-end;align-items:stretch;\"><div class=\"awl-label-wrap awl-text-label-wrap awl-label-id-6377\" style=\"\"><span class=\"awl-product-label awl-type-label awl-type-label-angle\" style=\"display:table;position:relative;line-height:1;white-space:nowrap;vertical-align:baseline;font-size:12px;--awl-font-size-tablet:12px;--awl-font-size-phone:12px;font-weight:700;font-style:normal;letter-spacing:0px;color:#ffff;opacity:1;margin:0px 0px 0px 0px;\"><span class=\"awl-label-text\"  style=\"display:table-cell;padding:0.3em 0.6em 0.3em 0.6em;z-index:1;background:#daa520;position:relative;line-height:1;border-radius:0;\"><span class=\"awl-inner-text\"> Disponivel!<\/span><\/span><span class=\"awl-label-after\" style=\"display:table-cell;width:0;height:0;position:relative;z-index:2;overflow:hidden;padding:0 0.65em 0 0;\"><svg viewBox=\"0 0 100 100\" preserveAspectRatio=\"none\" style=\"position:absolute;top:0;width:100%;height:100%;fill:#daa520;\"><g class=\"awl-angle-after\"><polygon vector-effect=\"non-scaling-stroke\" points=\"0,0 97,0 0,100\" style=\"stroke:none;\" \/><line class=\"d-stroke\" vector-effect=\"non-scaling-stroke\" x1=\"0\" y1=\"0\" x2=\"97\" y2=\"0\" \/><line vector-effect=\"non-scaling-stroke\" x1=\"97\" y1=\"0\" x2=\"0\" y2=\"100\" \/><\/g><\/svg><\/span><\/span><\/div><\/div><h3 style=\"margin-bottom:0.75rem;margin-top:0;\" class=\"has-text-align-center wp-block-post-title has-medium-font-size\"><a href=\"https:\/\/moz.life\/moztickets\/produit\/tp50-apresenta-concerto-para-trompete\/\" target=\"_self\" >TP50 apresenta Concerto para Trompete<\/a><\/h3>\n\n<div data-block-name=\"woocommerce\/product-price\" data-is-descendent-of-query-loop=\"true\" data-style=\"{&quot;spacing&quot;:{&quot;margin&quot;:{&quot;bottom&quot;:&quot;0.75rem&quot;}}}\" data-text-align=\"center\" style=\"margin-bottom:0.75rem; margin-bottom:0.75rem;\" class=\"has-text-align-center wp-block-woocommerce-product-price\" ><div class=\"wc-block-components-product-price wc-block-grid__product-price\" >\n\t\t\t\t\t<span class=\"woocommerce-Price-amount amount\"><bdi>600.00<span class=\"woocommerce-Price-currencySymbol\">MT<\/span><\/bdi><\/span>\n\t\t\t\t<\/div><\/div>\n<\/li><li class=\"wp-block-post post-32825 product type-product status-publish has-post-thumbnail product_cat-sponsorisado product_cat-tickets product_tag-prima-facie product_tag-teatro product_tag-teatro-mocambicano first outofstock virtual product-type-simple\">\n<div style=\"position:relative;\"><div data-block-name=\"woocommerce\/product-image\" data-is-descendent-of-query-loop=\"true\" data-sale-badge-align=\"left\" class=\"wc-block-components-product-image wc-block-grid__product-image wc-block-components-product-image--aspect-ratio-auto wp-block-woocommerce-product-image\"><a href=\"https:\/\/moz.life\/moztickets\/produit\/prima-facie\/\" style=\"\" data-wp-on--click=\"woocommerce\/product-collection::actions.viewProduct\"><img loading=\"lazy\" decoding=\"async\" width=\"450\" height=\"600\" src=\"https:\/\/moz.life\/moztickets\/wp-content\/uploads\/2026\/03\/07bcbf26-714d-42c2-bec4-88bd8f4c3226-450x600.jpeg\" class=\"attachment-woocommerce_single size-woocommerce_single\" alt=\"Prima Facie\" data-testid=\"product-image\" data-image-id=\"32831\" style=\"object-fit:cover;\" loading=\"lazy\" srcset=\"https:\/\/moz.life\/moztickets\/wp-content\/uploads\/2026\/03\/07bcbf26-714d-42c2-bec4-88bd8f4c3226-450x600.jpeg 450w, https:\/\/moz.life\/moztickets\/wp-content\/uploads\/2026\/03\/07bcbf26-714d-42c2-bec4-88bd8f4c3226-225x300.jpeg 225w, https:\/\/moz.life\/moztickets\/wp-content\/uploads\/2026\/03\/07bcbf26-714d-42c2-bec4-88bd8f4c3226-768x1024.jpeg 768w, https:\/\/moz.life\/moztickets\/wp-content\/uploads\/2026\/03\/07bcbf26-714d-42c2-bec4-88bd8f4c3226-1152x1536.jpeg 1152w, https:\/\/moz.life\/moztickets\/wp-content\/uploads\/2026\/03\/07bcbf26-714d-42c2-bec4-88bd8f4c3226.jpeg 1200w\" sizes=\"auto, (max-width: 450px) 100vw, 450px\" \/><div class=\"wc-block-components-product-image__inner-container\"><\/div><\/a><\/div><div class=\"advanced-woo-labels awl-position-type-on-image awl-label-type-archive awl-align-right-top\" style=\"display:flex;flex-wrap:wrap;flex-direction:row;text-align:left;width:100%;position:absolute;z-index:9;left:0px;right:auto;top:0px;bottom:auto;transform:none;justify-content:flex-end;align-items:stretch;\"><div class=\"awl-label-wrap awl-text-label-wrap awl-label-id-6379\" style=\"\"><span class=\"awl-product-label awl-type-label awl-type-label-angle\" style=\"display:table;position:relative;line-height:1;white-space:nowrap;vertical-align:baseline;font-size:12px;--awl-font-size-tablet:12px;--awl-font-size-phone:12px;font-weight:600;font-style:normal;letter-spacing:0px;color:#fff;opacity:1;margin:0px 0px 0px 0px;\"><span class=\"awl-label-text\"  style=\"display:table-cell;padding:0.3em 0.6em 0.3em 0.6em;z-index:1;background:#cc2227;position:relative;line-height:1;border-radius:0;\"><span class=\"awl-inner-text\">Esgotado<\/span><\/span><span class=\"awl-label-after\" style=\"display:table-cell;width:0;height:0;position:relative;z-index:2;overflow:hidden;padding:0 0.65em 0 0;\"><svg viewBox=\"0 0 100 100\" preserveAspectRatio=\"none\" style=\"position:absolute;top:0;width:100%;height:100%;fill:#cc2227;\"><g class=\"awl-angle-after\"><polygon vector-effect=\"non-scaling-stroke\" points=\"0,0 97,0 0,100\" style=\"stroke:none;\" \/><line class=\"d-stroke\" vector-effect=\"non-scaling-stroke\" x1=\"0\" y1=\"0\" x2=\"97\" y2=\"0\" \/><line vector-effect=\"non-scaling-stroke\" x1=\"97\" y1=\"0\" x2=\"0\" y2=\"100\" \/><\/g><\/svg><\/span><\/span><\/div><\/div><\/div>\n\n<h3 style=\"margin-bottom:0.75rem;margin-top:0;\" class=\"has-text-align-center wp-block-post-title has-medium-font-size\"><a href=\"https:\/\/moz.life\/moztickets\/produit\/prima-facie\/\" target=\"_self\" >Prima Facie<\/a><\/h3>\n\n<div data-block-name=\"woocommerce\/product-price\" data-is-descendent-of-query-loop=\"true\" data-style=\"{&quot;spacing&quot;:{&quot;margin&quot;:{&quot;bottom&quot;:&quot;0.75rem&quot;}}}\" data-text-align=\"center\" style=\"margin-bottom:0.75rem; margin-bottom:0.75rem;\" class=\"has-text-align-center wp-block-woocommerce-product-price\" ><div class=\"wc-block-components-product-price wc-block-grid__product-price\" >\n\t\t\t\t\t<span class=\"woocommerce-Price-amount amount\"><bdi>500.00<span class=\"woocommerce-Price-currencySymbol\">MT<\/span><\/bdi><\/span>\n\t\t\t\t<\/div><\/div>\n<\/li><\/ul>\n\n<nav class=\"wp-block-query-pagination is-content-justification-center is-layout-flex wp-container-core-query-pagination-is-layout-16018d1d wp-block-query-pagination-is-layout-flex\" aria-label=\"Pagina\u00e7\u00e3o\">\n\n\n<div class=\"wp-block-query-pagination-numbers\"><span aria-label=\"P\u00e1gina 1\" aria-current=\"page\" class=\"page-numbers current\">1<\/span>\n<a aria-label=\"P\u00e1gina 2\" class=\"page-numbers\" href=\"?query-1-page=2\">2<\/a>\n<a aria-label=\"P\u00e1gina 3\" class=\"page-numbers\" href=\"?query-1-page=3\">3<\/a>\n<span class=\"page-numbers dots\">&hellip;<\/span>\n<a aria-label=\"P\u00e1gina 6\" class=\"page-numbers\" href=\"?query-1-page=6\">6<\/a><\/div>\n\n<a href=\"\/moztickets\/wp-json\/wp\/v2\/speaker\/6846?query-1-page=2\" class=\"wp-block-query-pagination-next\">P\u00e1gina seguinte<\/a>\n<\/nav>\n\n<\/div>\n\n\n\n<p><\/p>\n\n    <div class=\"xs_social_share_widget xs_share_url after_content \t\tmain_content  wslu-style-1 wslu-share-box-shaped wslu-fill-colored wslu-none wslu-share-horizontal wslu-theme-font-no wslu-main_content\">\n\n\t\t\n        <ul>\n\t\t\t        <\/ul>\n    <\/div> \n","protected":false},"excerpt":{"rendered":"<p>Filim\u00e3o Seth Suazi nasceu a 16 de Abril de 1976, em Maputo. Oitavo de um grupo de nove irm\u00e3os <\/p>\n","protected":false},"author":13,"featured_media":6847,"comment_status":"open","ping_status":"closed","template":"","meta":{"footnotes":""},"speaker-category":[],"speaker-tags":[565,569],"location":[146],"class_list":["post-6846","speaker","type-speaker","status-publish","has-post-thumbnail","hentry","speaker-tags-jazz","speaker-tags-seth-suaze","location-mozambique"],"jetpack_sharing_enabled":true,"_links":{"self":[{"href":"https:\/\/moz.life\/moztickets\/wp-json\/wp\/v2\/speaker\/6846","targetHints":{"allow":["GET"]}}],"collection":[{"href":"https:\/\/moz.life\/moztickets\/wp-json\/wp\/v2\/speaker"}],"about":[{"href":"https:\/\/moz.life\/moztickets\/wp-json\/wp\/v2\/types\/speaker"}],"author":[{"embeddable":true,"href":"https:\/\/moz.life\/moztickets\/wp-json\/wp\/v2\/users\/13"}],"replies":[{"embeddable":true,"href":"https:\/\/moz.life\/moztickets\/wp-json\/wp\/v2\/comments?post=6846"}],"version-history":[{"count":0,"href":"https:\/\/moz.life\/moztickets\/wp-json\/wp\/v2\/speaker\/6846\/revisions"}],"wp:featuredmedia":[{"embeddable":true,"href":"https:\/\/moz.life\/moztickets\/wp-json\/wp\/v2\/media\/6847"}],"wp:attachment":[{"href":"https:\/\/moz.life\/moztickets\/wp-json\/wp\/v2\/media?parent=6846"}],"wp:term":[{"taxonomy":"speaker-category","embeddable":true,"href":"https:\/\/moz.life\/moztickets\/wp-json\/wp\/v2\/speaker-category?post=6846"},{"taxonomy":"speaker-tags","embeddable":true,"href":"https:\/\/moz.life\/moztickets\/wp-json\/wp\/v2\/speaker-tags?post=6846"},{"taxonomy":"location","embeddable":true,"href":"https:\/\/moz.life\/moztickets\/wp-json\/wp\/v2\/location?post=6846"}],"curies":[{"name":"wp","href":"https:\/\/api.w.org\/{rel}","templated":true}]}}