{"id":29015,"date":"2025-08-05T15:49:18","date_gmt":"2025-08-05T13:49:18","guid":{"rendered":"https:\/\/www.moz.life\/moztickets\/?post_type=speaker&#038;p=29015"},"modified":"2025-08-05T16:18:52","modified_gmt":"2025-08-05T14:18:52","slug":"idelsa-de-carmen-come","status":"publish","type":"speaker","link":"https:\/\/moz.life\/moztickets\/speaker\/idelsa-de-carmen-come\/","title":{"rendered":"Idelsa de Carmen Com\u00e9"},"content":{"rendered":"<p data-start=\"138\" data-end=\"518\">Natural de Maputo, Idelsa iniciou a sua trajet\u00f3ria musical em 2009 com o tema <em data-start=\"216\" data-end=\"226\">Esta Dor<\/em>, que ganhou destaque como banda sonora da telenovela local <em data-start=\"286\" data-end=\"297\">Nineteens<\/em>. Desde ent\u00e3o, a sua carreira desenvolveu-se de forma serena, culminando na produ\u00e7\u00e3o do EP <em data-start=\"388\" data-end=\"398\">Girassol<\/em> em 2020, gravado entre Maputo e Lisboa, onde harmoniza elementos de marrabenta, jazz e pop de maneira subtil e pessoal.<\/p>\n<p data-start=\"520\" data-end=\"828\">Em 2022, lan\u00e7ou o single <em data-start=\"545\" data-end=\"555\">Alquimia<\/em>, em colabora\u00e7\u00e3o com o artista Mark Exodus. O projeto, acompanhado de um v\u00eddeo realizado por Bill Boy e produzido pela Codec Life, contou com o apoio do empres\u00e1rio Faizal Ant\u00f3nio e destacou-se pela est\u00e9tica cuidada, aliando sensibilidade vocal a uma produ\u00e7\u00e3o contempor\u00e2nea.<\/p>\n<p data-start=\"830\" data-end=\"1332\">A cantora mo\u00e7ambicana deu mais um passo importante ao lan\u00e7ar o seu primeiro \u00e1lbum, intitulado <em data-start=\"924\" data-end=\"935\">Geminiana<\/em>. Este trabalho \u00e9 um verdadeiro reflexo da sua ess\u00eancia, numa fus\u00e3o de pop, world music e sons alternativos que espelham as suas viv\u00eancias e a riqueza da sua personalidade ao longo dos anos. Com 13 faixas, o \u00e1lbum destaca-se pela participa\u00e7\u00e3o especial de Mark Exodus em <em data-start=\"1205\" data-end=\"1215\">Alquimia<\/em>, al\u00e9m de colabora\u00e7\u00f5es marcantes com nomes como Azagaia, em <em data-start=\"1275\" data-end=\"1292\">Mente que Mente<\/em>, e Nelson Nhachungue, em <em data-start=\"1318\" data-end=\"1331\">Tua Vaidade<\/em>.<\/p>\n<p data-start=\"1334\" data-end=\"1816\">Inspirado no signo astrol\u00f3gico de Idelsa, <em data-start=\"1376\" data-end=\"1387\">Geminiana<\/em> conduz o ouvinte por uma viagem \u00edntima pelas complexidades do ser feminino, homenageando a mulher, a sua for\u00e7a, diversidade e capacidade de se reinventar. A artista assinou a composi\u00e7\u00e3o das 13 faixas, tendo contado com a produ\u00e7\u00e3o musical colaborativa de Badjo, Moz, Keyven, Milton, S\u00edlvio, MadK e dela pr\u00f3pria, resultando numa obra coesa e cuidadosamente constru\u00edda para proporcionar uma experi\u00eancia sonora imersiva e aut\u00eantica.<\/p>\n<p data-start=\"1818\" data-end=\"2063\">O seu percurso evidencia uma aposta firme no desenvolvimento art\u00edstico sustentado, e novas surpresas est\u00e3o reservadas para o futuro pr\u00f3ximo, sinalizando que esta voz mo\u00e7ambicana continuar\u00e1 a enriquecer o panorama musical com discri\u00e7\u00e3o e talento.<\/p>\n\n    <div class=\"xs_social_share_widget xs_share_url after_content \t\tmain_content  wslu-style-1 wslu-share-box-shaped wslu-fill-colored wslu-none wslu-share-horizontal wslu-theme-font-no wslu-main_content\">\n\n\t\t\n        <ul>\n\t\t\t        <\/ul>\n    <\/div> \n","protected":false},"excerpt":{"rendered":"<p>Idelsa \u00e9 uma cantora mo\u00e7ambicana natural de Maputo, com uma carreira iniciada em 2009. Com uma sonoridade que mistura marrabenta, jazz e pop, lan\u00e7ou o EP Girassol (2020) e o \u00e1lbum Geminiana (2023), destacando-se pela sensibilidade vocal e colabora\u00e7\u00f5es com artistas como Mark Exodus e Azagaia.<\/p>\n","protected":false},"author":56,"featured_media":29017,"comment_status":"closed","ping_status":"closed","template":"","meta":{"footnotes":""},"speaker-category":[],"speaker-tags":[950,99],"location":[],"class_list":["post-29015","speaker","type-speaker","status-publish","has-post-thumbnail","hentry","speaker-tags-idelsa","speaker-tags-speaker"],"jetpack_sharing_enabled":true,"_links":{"self":[{"href":"https:\/\/moz.life\/moztickets\/wp-json\/wp\/v2\/speaker\/29015","targetHints":{"allow":["GET"]}}],"collection":[{"href":"https:\/\/moz.life\/moztickets\/wp-json\/wp\/v2\/speaker"}],"about":[{"href":"https:\/\/moz.life\/moztickets\/wp-json\/wp\/v2\/types\/speaker"}],"author":[{"embeddable":true,"href":"https:\/\/moz.life\/moztickets\/wp-json\/wp\/v2\/users\/56"}],"replies":[{"embeddable":true,"href":"https:\/\/moz.life\/moztickets\/wp-json\/wp\/v2\/comments?post=29015"}],"version-history":[{"count":0,"href":"https:\/\/moz.life\/moztickets\/wp-json\/wp\/v2\/speaker\/29015\/revisions"}],"wp:featuredmedia":[{"embeddable":true,"href":"https:\/\/moz.life\/moztickets\/wp-json\/wp\/v2\/media\/29017"}],"wp:attachment":[{"href":"https:\/\/moz.life\/moztickets\/wp-json\/wp\/v2\/media?parent=29015"}],"wp:term":[{"taxonomy":"speaker-category","embeddable":true,"href":"https:\/\/moz.life\/moztickets\/wp-json\/wp\/v2\/speaker-category?post=29015"},{"taxonomy":"speaker-tags","embeddable":true,"href":"https:\/\/moz.life\/moztickets\/wp-json\/wp\/v2\/speaker-tags?post=29015"},{"taxonomy":"location","embeddable":true,"href":"https:\/\/moz.life\/moztickets\/wp-json\/wp\/v2\/location?post=29015"}],"curies":[{"name":"wp","href":"https:\/\/api.w.org\/{rel}","templated":true}]}}