{"id":33618,"date":"2026-04-28T11:01:40","date_gmt":"2026-04-28T09:01:40","guid":{"rendered":"https:\/\/moz.life\/moztickets\/?post_type=event&#038;p=33618"},"modified":"2026-04-28T11:22:52","modified_gmt":"2026-04-28T09:22:52","slug":"dia-mundial-da-danca-tema-todos-corpos-dancam","status":"publish","type":"event","link":"https:\/\/moz.life\/moztickets\/event\/dia-mundial-da-danca-tema-todos-corpos-dancam\/","title":{"rendered":"Dia Mundial da Dan\u00e7a Tema: \u201cTodos Corpos Dan\u00e7am\u201c"},"content":{"rendered":"<p data-start=\"0\" data-end=\"324\">Um ambiente vibrante, cheio de ritmo, identidade e express\u00e3o, onde cada movimento conta uma hist\u00f3ria\u00a0<br data-start=\"225\" data-end=\"228\" \/>Este \u00e9 um convite para sentir, celebrar e viver a dan\u00e7a em toda a sua diversidade e for\u00e7a \ud83e\udd1d\ud83c\udf3f<\/p>\n<p data-start=\"326\" data-end=\"392\">\ud83d\udcc5 29 de Abril de 2026<br data-start=\"348\" data-end=\"351\" \/>\ud83d\udccd Escola Secund\u00e1ria Francisco Manyanga<\/p>\n<p data-start=\"394\" data-end=\"438\">\ud83d\udd58 08h45 \u2013 Parte I<br data-start=\"412\" data-end=\"415\" \/>In\u00edcio do espect\u00e1culo<\/p>\n<p data-start=\"440\" data-end=\"485\">\ud83d\udd52 15h00 \u2013 Parte II<br data-start=\"459\" data-end=\"462\" \/>In\u00edcio do espect\u00e1culo<\/p>\n<p data-start=\"487\" data-end=\"551\">\ud83e\ude70 Evento<br data-start=\"496\" data-end=\"499\" \/>Dia Mundial da Dan\u00e7a<br data-start=\"519\" data-end=\"522\" \/>Tema: \u201cTodos Corpos Dan\u00e7am\u201d<\/p>\n<p data-start=\"553\" data-end=\"596\">\ud83c\udfad Convidado especial<br data-start=\"574\" data-end=\"577\" \/>Grupo Khete Khete<\/p>\n<p data-start=\"598\" data-end=\"643\">\ud83c\udfa8 Organiza\u00e7\u00e3o<br data-start=\"612\" data-end=\"615\" \/>Associa\u00e7\u00e3o Cultural Ra\u00edzes<\/p>\n<p data-start=\"645\" data-end=\"695\">\ud83e\udd1d Apoio<br data-start=\"653\" data-end=\"656\" \/>FUNDAC<br data-start=\"662\" data-end=\"665\" \/>Ra\u00edzes<br data-start=\"671\" data-end=\"674\" \/>Whezu Art Produ\u00e7\u00f5es<\/p>\n<p data-start=\"697\" data-end=\"825\" data-is-last-node=\"\" data-is-only-node=\"\">\u2728 Uma celebra\u00e7\u00e3o da dan\u00e7a, da cultura e da express\u00e3o atrav\u00e9s do corpo<br data-start=\"766\" data-end=\"769\" \/>Vem fazer parte desta festa de movimento e identidade \ud83d\udcab<\/p>\n<div id=\"attachment_85620\" style=\"width: 1710px\" class=\"wp-caption alignnone\"><a href=\"https:\/\/moz.life\/publicidade-no-mozlife\/\" target=\"_blank\" rel=\"noopener\"><img fetchpriority=\"high\" decoding=\"async\" aria-describedby=\"caption-attachment-85620\" class=\"wp-image-85620 size-full\" src=\"https:\/\/moz.life\/wp-content\/uploads\/2026\/01\/MozticketsPro_Mozlife_1700X400.png\" alt=\"\" width=\"1700\" height=\"400\" \/><\/a><p id=\"caption-attachment-85620\" class=\"wp-caption-text\">Submeta os seus an\u00fancios online em 4 etapas simples \u2014 com pr\u00e9-visualiza\u00e7\u00e3o imediata, estat\u00edsticas em tempo real e pre\u00e7os a partir de 1000 MZN.<\/p><\/div>\n\n    <div class=\"xs_social_share_widget xs_share_url after_content \t\tmain_content  wslu-style-1 wslu-share-box-shaped wslu-fill-colored wslu-none wslu-share-horizontal wslu-theme-font-no wslu-main_content\">\n\n\t\t\n        <ul>\n\t\t\t        <\/ul>\n    <\/div> \n","protected":false},"excerpt":{"rendered":"<p>Um ambiente vibrante, cheio de ritmo, identidade e express\u00e3o, onde cada movimento conta uma hist\u00f3ria\u00a0<br \/>\nEste \u00e9 um convite para sentir, celebrar e viver a dan\u00e7a em toda a sua diversidade e for\u00e7a<\/p>\n","protected":false},"author":13,"featured_media":33619,"comment_status":"closed","ping_status":"closed","template":"","meta":{"footnotes":""},"eventcat":[672],"organizer":[1076],"event_tags":[986,154,1010],"location":[1011],"class_list":["post-33618","event","type-event","status-publish","has-post-thumbnail","hentry","eventcat-concertos","organizer-associacao-cultural-raizes","event_tags-coconuts","event_tags-concerto","event_tags-the-black-mamba","location-nucleo-de-arte"],"jetpack_sharing_enabled":true,"_links":{"self":[{"href":"https:\/\/moz.life\/moztickets\/wp-json\/wp\/v2\/event\/33618","targetHints":{"allow":["GET"]}}],"collection":[{"href":"https:\/\/moz.life\/moztickets\/wp-json\/wp\/v2\/event"}],"about":[{"href":"https:\/\/moz.life\/moztickets\/wp-json\/wp\/v2\/types\/event"}],"author":[{"embeddable":true,"href":"https:\/\/moz.life\/moztickets\/wp-json\/wp\/v2\/users\/13"}],"replies":[{"embeddable":true,"href":"https:\/\/moz.life\/moztickets\/wp-json\/wp\/v2\/comments?post=33618"}],"version-history":[{"count":4,"href":"https:\/\/moz.life\/moztickets\/wp-json\/wp\/v2\/event\/33618\/revisions"}],"predecessor-version":[{"id":33629,"href":"https:\/\/moz.life\/moztickets\/wp-json\/wp\/v2\/event\/33618\/revisions\/33629"}],"wp:featuredmedia":[{"embeddable":true,"href":"https:\/\/moz.life\/moztickets\/wp-json\/wp\/v2\/media\/33619"}],"wp:attachment":[{"href":"https:\/\/moz.life\/moztickets\/wp-json\/wp\/v2\/media?parent=33618"}],"wp:term":[{"taxonomy":"eventcat","embeddable":true,"href":"https:\/\/moz.life\/moztickets\/wp-json\/wp\/v2\/eventcat?post=33618"},{"taxonomy":"organizer","embeddable":true,"href":"https:\/\/moz.life\/moztickets\/wp-json\/wp\/v2\/organizer?post=33618"},{"taxonomy":"event_tags","embeddable":true,"href":"https:\/\/moz.life\/moztickets\/wp-json\/wp\/v2\/event_tags?post=33618"},{"taxonomy":"location","embeddable":true,"href":"https:\/\/moz.life\/moztickets\/wp-json\/wp\/v2\/location?post=33618"}],"curies":[{"name":"wp","href":"https:\/\/api.w.org\/{rel}","templated":true}]}}