{"id":32714,"date":"2026-03-24T10:58:26","date_gmt":"2026-03-24T08:58:26","guid":{"rendered":"https:\/\/moz.life\/moztickets\/?post_type=event&#038;p=32714"},"modified":"2026-04-09T07:09:26","modified_gmt":"2026-04-09T05:09:26","slug":"prima-facie","status":"publish","type":"event","link":"https:\/\/moz.life\/moztickets\/event\/prima-facie\/","title":{"rendered":"Prima Facie"},"content":{"rendered":"<p data-start=\"98\" data-end=\"258\"><strong data-start=\"98\" data-end=\"258\">De 24 a 26 de abril, o palco do IGR \u2013 Maputo recebe o espet\u00e1culo teatral <em data-start=\"173\" data-end=\"186\">Prima Facie<\/em>, da premiada dramaturga Suzie Miller, com dire\u00e7\u00e3o de Expedito Ara\u00fajo.<\/strong><\/p>\n<p data-start=\"260\" data-end=\"334\"><strong data-start=\"260\" data-end=\"334\">Bilhetes \u00e0 venda para a sess\u00e3o do dia 26 de abril (domingo), \u00e0s 18h30.<\/strong><\/p>\n<p data-start=\"329\" data-end=\"551\">Uma encena\u00e7\u00e3o intensa e atual, interpretada por onze atrizes, que mergulha no universo da advocacia e levanta quest\u00f5es profundas sobre justi\u00e7a, poder e a condi\u00e7\u00e3o feminina \u2014 um espet\u00e1culo impactante que convida \u00e0 reflex\u00e3o.<\/p>\n<p data-start=\"553\" data-end=\"657\">\u26a0\ufe0f <strong data-start=\"528\" data-end=\"629\">As sess\u00f5es de 24 e 25 de abril s\u00e3o convidados BCI. Venda de bilhetes dispon\u00edvel apenas para o dia 26.<\/strong><br data-start=\"629\" data-end=\"632\" \/>\ud83c\udfab <strong data-start=\"635\" data-end=\"703\">Este bilhete d\u00e1 acesso apenas \u00e0 apresenta\u00e7\u00e3o do dia 26 de abril.<\/strong><br data-start=\"703\" data-end=\"706\" \/>\u23f0 <strong data-start=\"708\" data-end=\"824\">N\u00e3o ser\u00e1 permitida a entrada ap\u00f3s o in\u00edcio do espet\u00e1culo. Toler\u00e2ncia de quinze minutos ap\u00f3s o hor\u00e1rio de in\u00edcio.<br \/>\n\ud83d\udc49N\u00e3o ser\u00e1 permitida a entrada a pessoas com crian\u00e7as de colo.<\/strong><\/p>\n<p data-start=\"659\" data-end=\"767\">\ud83d\udccd IGR \u2013 Maputo (Av. Karl Marx), <span class=\"hover:entity-accent entity-underline inline cursor-pointer align-baseline\"><span class=\"whitespace-normal\">Maputo<\/span><\/span><br data-start=\"729\" data-end=\"732\" \/>\ud83d\udcc5 26 de abril de 2026<br data-start=\"754\" data-end=\"757\" \/>\ud83d\udd52 18h30<\/p>\n<p data-start=\"769\" data-end=\"810\">\ud83c\udf9f\ufe0f Bilhetes<br data-start=\"781\" data-end=\"784\" \/>Pre\u00e7o \u00fanico \u2014 <strong data-start=\"798\" data-end=\"808\">500 MT<br \/>\n\ud83c\udfab Apenas 110 bilhetes dispon\u00edveis<br \/>\n<\/strong><\/p>\n<p data-start=\"812\" data-end=\"846\">Dispon\u00edveis online em MozTickets<\/p>\n<p data-start=\"848\" data-end=\"903\">\ud83d\udcde Informa\u00e7\u00f5es\u00a0<br data-start=\"873\" data-end=\"876\" \/>WhatsApp: <strong data-start=\"886\" data-end=\"901\">84 297 5844<\/strong><\/p>\n<p data-start=\"905\" data-end=\"935\">\ud83d\udd1e Classifica\u00e7\u00e3o et\u00e1ria: +12<\/p>\n<p>&nbsp;<\/p>\n<p><a href=\"https:\/\/shorturl.at\/bfZD9\" target=\"_blank\" rel=\"noopener\"><img fetchpriority=\"high\" decoding=\"async\" class=\"aligncenter wp-image-24556 size-full\" src=\"https:\/\/www.moz.life\/moztickets\/wp-content\/uploads\/2025\/04\/Moztickets-whatsapp-group-PUBLICIDADE-1700x400-1-1.jpg\" alt=\"\" width=\"1700\" height=\"400\" srcset=\"https:\/\/moz.life\/moztickets\/wp-content\/uploads\/2025\/04\/Moztickets-whatsapp-group-PUBLICIDADE-1700x400-1-1.jpg 1700w, https:\/\/moz.life\/moztickets\/wp-content\/uploads\/2025\/04\/Moztickets-whatsapp-group-PUBLICIDADE-1700x400-1-1-300x71.jpg 300w, https:\/\/moz.life\/moztickets\/wp-content\/uploads\/2025\/04\/Moztickets-whatsapp-group-PUBLICIDADE-1700x400-1-1-1024x241.jpg 1024w, https:\/\/moz.life\/moztickets\/wp-content\/uploads\/2025\/04\/Moztickets-whatsapp-group-PUBLICIDADE-1700x400-1-1-768x181.jpg 768w, https:\/\/moz.life\/moztickets\/wp-content\/uploads\/2025\/04\/Moztickets-whatsapp-group-PUBLICIDADE-1700x400-1-1-1536x361.jpg 1536w, https:\/\/moz.life\/moztickets\/wp-content\/uploads\/2025\/04\/Moztickets-whatsapp-group-PUBLICIDADE-1700x400-1-1-450x106.jpg 450w\" sizes=\"(max-width: 1700px) 100vw, 1700px\" \/><\/a><\/p>\n\n    <div class=\"xs_social_share_widget xs_share_url after_content \t\tmain_content  wslu-style-1 wslu-share-box-shaped wslu-fill-colored wslu-none wslu-share-horizontal wslu-theme-font-no wslu-main_content\">\n\n\t\t\n        <ul>\n\t\t\t        <\/ul>\n    <\/div> \n","protected":false},"excerpt":{"rendered":"<p>Uma encena\u00e7\u00e3o intensa e atual, interpretada por onze atrizes, que mergulha no universo da advocacia e levanta quest\u00f5es profundas sobre justi\u00e7a, poder e a condi\u00e7\u00e3o feminina.<\/p>\n","protected":false},"author":13,"featured_media":32817,"comment_status":"closed","ping_status":"closed","template":"","meta":{"footnotes":""},"eventcat":[188],"organizer":[1042],"event_tags":[986,154,1010],"location":[1040],"class_list":["post-32714","event","type-event","status-publish","has-post-thumbnail","hentry","eventcat-teatro","organizer-expedito-araujo-2","event_tags-coconuts","event_tags-concerto","event_tags-the-black-mamba","location-instituto-guimaraes-rosa"],"jetpack_sharing_enabled":true,"_links":{"self":[{"href":"https:\/\/moz.life\/moztickets\/wp-json\/wp\/v2\/event\/32714","targetHints":{"allow":["GET"]}}],"collection":[{"href":"https:\/\/moz.life\/moztickets\/wp-json\/wp\/v2\/event"}],"about":[{"href":"https:\/\/moz.life\/moztickets\/wp-json\/wp\/v2\/types\/event"}],"author":[{"embeddable":true,"href":"https:\/\/moz.life\/moztickets\/wp-json\/wp\/v2\/users\/13"}],"replies":[{"embeddable":true,"href":"https:\/\/moz.life\/moztickets\/wp-json\/wp\/v2\/comments?post=32714"}],"version-history":[{"count":9,"href":"https:\/\/moz.life\/moztickets\/wp-json\/wp\/v2\/event\/32714\/revisions"}],"predecessor-version":[{"id":32937,"href":"https:\/\/moz.life\/moztickets\/wp-json\/wp\/v2\/event\/32714\/revisions\/32937"}],"wp:featuredmedia":[{"embeddable":true,"href":"https:\/\/moz.life\/moztickets\/wp-json\/wp\/v2\/media\/32817"}],"wp:attachment":[{"href":"https:\/\/moz.life\/moztickets\/wp-json\/wp\/v2\/media?parent=32714"}],"wp:term":[{"taxonomy":"eventcat","embeddable":true,"href":"https:\/\/moz.life\/moztickets\/wp-json\/wp\/v2\/eventcat?post=32714"},{"taxonomy":"organizer","embeddable":true,"href":"https:\/\/moz.life\/moztickets\/wp-json\/wp\/v2\/organizer?post=32714"},{"taxonomy":"event_tags","embeddable":true,"href":"https:\/\/moz.life\/moztickets\/wp-json\/wp\/v2\/event_tags?post=32714"},{"taxonomy":"location","embeddable":true,"href":"https:\/\/moz.life\/moztickets\/wp-json\/wp\/v2\/location?post=32714"}],"curies":[{"name":"wp","href":"https:\/\/api.w.org\/{rel}","templated":true}]}}